{"id":284,"date":"2022-12-07T17:25:03","date_gmt":"2022-12-07T17:25:03","guid":{"rendered":"https:\/\/elisabeth-cranio.at\/?page_id=284"},"modified":"2024-01-12T13:52:49","modified_gmt":"2024-01-12T13:52:49","slug":"datenschutzerklaerung","status":"publish","type":"page","link":"https:\/\/elisabeth-cranio.at\/?page_id=284","title":{"rendered":"Datenschutzerkl\u00e4rung"},"content":{"rendered":"<p>[et_pb_section fb_built=&#8220;1&#8243; admin_label=&#8220;Header&#8220; _builder_version=&#8220;4.19.4&#8243; background_enable_color=&#8220;off&#8220; background_image=&#8220;https:\/\/elisabeth-cranio.at\/wp-content\/uploads\/2022\/11\/WhatsApp-Bild-2022-11-04-um-17.19.45.jpg&#8220; custom_margin=&#8220;||-24px|||&#8220; custom_padding=&#8220;463px|0px|463px|0px|true|false&#8220; global_colors_info=&#8220;{}&#8220; box_shadow_style__hover=&#8220;none&#8220; box_shadow_style__hover_enabled=&#8220;none&#8220; box_shadow_color__hover=&#8220;rgba(0,0,0,0.3)&#8220; box_shadow_color__hover_enabled=&#8220;rgba(0,0,0,0.3)&#8220;][\/et_pb_section][et_pb_section fb_built=&#8220;1&#8243; _builder_version=&#8220;4.18.0&#8243; _module_preset=&#8220;default&#8220; global_colors_info=&#8220;{}&#8220;][et_pb_row column_structure=&#8220;1_2,1_2&#8243; _builder_version=&#8220;4.18.0&#8243; _module_preset=&#8220;default&#8220; global_colors_info=&#8220;{}&#8220;][et_pb_column type=&#8220;1_2&#8243; _builder_version=&#8220;4.18.0&#8243; _module_preset=&#8220;default&#8220; global_colors_info=&#8220;{}&#8220;][et_pb_text _builder_version=&#8220;4.18.0&#8243; _module_preset=&#8220;default&#8220; text_font=&#8220;Advent Pro||||||||&#8220; text_text_color=&#8220;#5d8e7b&#8220; text_font_size=&#8220;40px&#8220; global_colors_info=&#8220;{}&#8220;]<\/p>\n<p>Datenschutzerkl\u00e4rung<\/p>\n<p>[\/et_pb_text][et_pb_text _builder_version=&#8220;4.18.0&#8243; _module_preset=&#8220;default&#8220; text_font=&#8220;Advent Pro||||||||&#8220; text_text_color=&#8220;#5d8e7b&#8220; text_font_size=&#8220;22px&#8220; global_colors_info=&#8220;{}&#8220;]<\/p>\n<p><strong style=\"font-size: 22px;\">Kl\u00e4rung zum Datenschutz<\/strong><strong><\/strong><\/p>\n<p>Mit dieser Datenschutzerkl\u00e4rung m\u00f6chten wir Sie, als Nutzer\/innen unserer Website, m\u00f6glichst klar, transparent und einfach dar\u00fcber informieren, wie Ihre Daten verarbeitet werden. All dies mit dem Ziel, einen m\u00f6glichst klaren \u00dcberblick bereitzustellen, sodass Sie Ihre Daten in guten H\u00e4nden wissen.<\/p>\n<div><strong>Allgemeines<\/strong><strong><\/strong><\/div>\n<div><strong><\/strong><\/div>\n<div><strong><\/strong><\/div>\n<div><strong><\/strong><\/div>\n<div><\/div>\n<div>Die Nutzung dieser Webseite ist in der Regel ohne Angabe personenbezogener Daten m\u00f6glich. Soweit auf unseren Seiten personenbezogene Daten (beispielsweise Name, Anschrift oder E-Mail-Adressen) erhoben werden, erfolgt dies, soweit m\u00f6glich, stets auf freiwilliger Basis. Diese Datenschutzerkl\u00e4rung bezieht sich nur auf diese Webseite. Falls Sie \u00fcber Links auf andere Seiten gelangen, beachten Sie bitte, dass die dort vorzufindenden Datenschutzerkl\u00e4rungen gelten.<br \/>Im Folgenden m\u00f6chten wir Sie genauer \u00fcber Art, Umfang und Zweck der Erhebung, Verarbeitung sowie Nutzung personenbezogener Daten im Rahmen unserer Website sowie der damit verbundenen Funktionen und Inhalten informieren.<\/div>\n<div><\/div>\n<div><span>Erhebung, Verarbeitung und Nutzung personenbezogener Daten<\/span><\/div>\n<div>Die Verarbeitung personenbezogener Daten, beispielsweise Ihres Namens, Ihrer Anschrift, E-Mail-Adresse, etc, findet stets im Einklang mit der Datenschutz-Grundverordnung (DSGVO) statt. Sofern Sie sich n\u00e4her \u00fcber die DSGVO informieren wollen, finden Sie die aktuelle Fassung der DSGVO\u00a0<a href=\"https:\/\/eur-lex.europa.eu\/legal-content\/DE\/TXT\/HTML\/?uri=CELEX%3A32016R0679&amp;from=DE\" target=\"_blank\" rel=\"noreferrer noopener\" class=\"cm_anchor\">hier<\/a>.<\/div>\n<div>In diesem Sinne werden von der Einzelunternehmerin Elisabeth Hauer nur solche personenbezogenen Daten erhoben, die f\u00fcr die jeweilige Anfrage aufgrund des berechtigten Interesses der Einzelunternehmerin Elisabeth Hauer erforderlich sind oder die Sie uns freiwillig anvertraut haben. Wir behandeln die von Ihnen \u00fcberlassenen Daten vertraulich. Mit der \u00dcbermittlung Ihrer pers\u00f6nlichen oder gesch\u00e4ftlichen Daten, wie z.B. E-Mail-Adresse, Name und Adresse, stimmen Sie zu, dass wir diese zu Ihrer individuellen Betreuung, zur Abwicklung mit Ihnen geschlossener Vertr\u00e4ge, zu Abrechnungszwecken, zur Kommunikation \u00fcber Bestellungen, zur \u00dcbersendung postalischer und digitaler Produktinformationen und f\u00fcr die (technische) Administration verwenden. Ihre personenbezogenen Daten werden nicht an Dritte weitergegeben und k\u00f6nnen jederzeit eingesehen, bzw. auf Wunsch gel\u00f6scht werden, dar\u00fcber hinaus k\u00f6nnen Sie Ihre Einwilligung jederzeit widerrufen.<\/div>\n<div><\/div>\n<div><\/div>\n<div><\/div>\n<div><\/div>\n<div><\/div>\n<div><\/div>\n<h3><\/h3>\n<div>\n<div>\n<div>Arten der verarbeiteten Daten, z.B.<\/div>\n<\/div>\n<\/div>\n<ul>\n<li><span>Name und Firma<\/span><\/li>\n<li><span>Kontaktdaten (Adresse, Telefonnummer, E-Mail-Adresse, etc.)<\/span><\/li>\n<\/ul>\n<div>Im Rahmen von Bestellungen werden dar\u00fcber hinaus auch Daten, wie z.B. Bestelldaten, Firmenbuchnummer, Bankverbindungen oder UID-Nummer, verarbeitet.<\/div>\n<div><\/div>\n<p><span>Zweck der Verarbeitung<\/span><\/p>\n<ul>\n<li><span>Zurverf\u00fcgungstellung des Onlineangebotes, inklusive dessen Funktionen und Inhalte<\/span><\/li>\n<li><span>Bearbeitung von Anfragen und Kommunikation\/Betreuung mit\/von Kunden und Interessenten (Vertragsanbahnung, -vorbereitung und -erf\u00fcllung)<\/span><\/li>\n<li><span>Zusendung unseres Newsletters sowie Einladungen zu Veranstaltungen (\u00fcberwiegend berechtigtes Interesse, Direktwerbung)<\/span><\/li>\n<\/ul>\n<div>Ihre personenbezogenen Daten werden entweder aufgrund Ihrer Einwilligung (z.B. im Rahmen der Anmeldung f\u00fcr unseren Newsletter, Ihrer Anfrage) oder zur Wahrung berechtigter Interessen seitens der Einzelunternehmerin Katharina Hufnagl erhoben.<\/div>\n<p><span>Ihre angegebenen Daten werden f\u00fcr die Dauer der Bearbeitung der Anfrage bei uns gespeichert. Ferner ist zu beachten, dass eine Speicherung aufgrund von gesetzlichen Archivierungspflichten erfolgen kann, wie z.B. die Speicherung buchhaltungsrelevanter Daten aufgrund von rechtlichen Verpflichtungen, oder die Speicherung der Daten aufgrund der gesetzlichen Verj\u00e4hrungsfrist. Diese Daten geben wir nicht ohne Ihre Einwilligung weiter. Allerdings kann nicht ausgeschlossen werden, dass diese Daten bei Vorliegen von rechtswidrigem Verhalten weitergegeben werden m\u00fcssen. Nach Ablauf der Fristen werden die Daten gel\u00f6scht oder soweit anonymisiert, dass ein personenbezogener R\u00fcckschluss nicht mehr m\u00f6glich ist.<\/span><\/p>\n<p><strong>Sicherheit Ihrer Daten<\/strong><br \/>Den Schutz Ihrer personenbezogenen Daten gew\u00e4hrleistet die Einzelunternehmerin Elisabeth Hauer sowohl durch organisatorische, als auch technische Vorkehrungen, womit ein unerlaubter, rechtswidriger Zugriff verhindert werden soll.<\/p>\n<p><strong>Verschl\u00fcsselung mit https:<\/strong><\/p>\n<div>Unsere Webseite wird durch https verschl\u00fcsselt. Dadurch wird gew\u00e4hrleistet, dass Ihre Daten abh\u00f6rsicher im Internet \u00fcbertragen werden und damit der Schutz Ihrer vertraulichen Daten sichergestellt werden kann. Diese sichere Verschl\u00fcsselung k\u00f6nnen Sie am kleinen Schlosssymbol links oben im Browser und an der Verwendung des Schemas https als Teil unserer Internetadresse erkennen.<\/div>\n<div><\/div>\n<div>Ungeachtet dieser Vorkehrungen und Bem\u00fchungen, m\u00f6chten wir Sie dennoch darauf hinweisen, dass ein g\u00e4nzlicher Schutz der Daten vor dem Zugriff Dritter dennoch nicht m\u00f6glich ist.<\/div>\n<p><strong>\u00a0<\/strong><\/p>\n<div><strong>Cookies<\/strong><br \/>Wir nutzen Cookies, um unsere Webseite nutzerfreundlicher zu gestalten. Einige Cookies bleiben auf Ihrem Endger\u00e4t gespeichert, bis Sie diese l\u00f6schen. Sie erm\u00f6glichen es uns, Ihren Browser beim n\u00e4chsten Besuch wiederzuerkennen. Wenn Sie dies nicht m\u00f6chten, so k\u00f6nnen Sie Ihren Browser so einrichten, dass Sie \u00fcber das Setzen von Cookies informiert werden und Sie dies nur im Einzelfall erlauben. Dar\u00fcber hinaus k\u00f6nnen Sie jederzeit Cookies, die sich bereits auf Ihrem Computer befinden, \u00fcber Ihren Browser l\u00f6schen bzw. diese deaktivieren.<\/div>\n<div><\/div>\n<div><\/div>\n<p><span>Server-Log-Files<\/span><br \/>Beim Besuch dieser Webseite, m\u00fcssen gewisse Informationen erstellt und gespeichert werden. Dies geschieht in sogenannten Server-Log-Files, die automatisch von Browsern \u00fcbermittelt werden. Bei diesen Informationen handelt es sich z.B. um Browsertyp\/ Browserversion, verwendetes Betriebssystem, Referrer URL, IP-Adresse, Hostname des zugreifenden Rechners, \u00fcbertragene Datenmenge, Uhrzeit der Serveranfrage. Diese Daten sind jedoch nicht bestimmten Personen zuordbar und werden nicht an Dritte weitergegeben.<\/p>\n<div><span>Externe Empf\u00e4nger von Daten<\/span><\/div>\n<p>Im Rahmen unserer Verarbeitung ist es m\u00f6glich, dass Daten an Auftragsverarbeiter \u00fcbermittelt werden. Dies jedoch nur aufgrund einer gesetzlichen Erlaubnis, Ihrer Einwilligung, einer rechtlichen Verpflichtung oder aufgrund unserer berechtigten Interessen.<\/p>\n<p>&nbsp;<\/p>\n<p><span>Sie haben die M\u00f6glichkeit die Speicherung der Cookies durch eine entsprechende Einstellung Ihrer Browser-Software zu verhindern. Daneben k\u00f6nnen Sie auch die Erfassung der durch das Cookie erzeugten und auf Ihre Nutzung der Website bezogenen Daten (inkl. Ihrer IP-Adresse) an Google sowie die Verarbeitung dieser Daten durch Google verhindern, indem sie das unter\u00a0<a href=\"https:\/\/tools.google.com\/dlpage\/gaoptout\" target=\"_blank\" rel=\"noreferrer noopener\" class=\"cm_anchor\">tools.google.com\/dlpage\/gaoptout<\/a>\u00a0verf\u00fcgbare Browser-Plugin herunterladen und installieren. Sofern Sie einer Speicherung nicht widersprochen haben, werden Ihre personenbezogenen Daten von Google nach 14 Monaten gel\u00f6scht oder anonymisiert. Weitere Informationen finden Sie in den\u00a0<a href=\"https:\/\/www.google.com\/analytics\/terms\/de.html\" target=\"_blank\" rel=\"noreferrer noopener\" class=\"cm_anchor\">Nutzungsbedingungen<\/a>\u00a0von Google Analytics sowie in der\u00a0<a href=\"https:\/\/policies.google.com\/privacy\" target=\"_blank\" rel=\"noreferrer noopener\" class=\"cm_anchor\">Datenschutzerkl\u00e4rung<\/a>\u00a0von Google.<\/span><\/p>\n<p>&nbsp;<\/p>\n<p><span>Ihnen stehen folgende Rechte zur Verf\u00fcgung:<\/span><\/p>\n<ul>\n<li>Auskunft \u00fcber Ihre personenbezogenen Daten gem\u00e4\u00df Art 15 DSGVO<\/li>\n<li>Berichtigung unrichtiger personenbezogener Daten gem\u00e4\u00df Art 16 DSGVO<\/li>\n<li>L\u00f6schung Ihrer personenbezogenen Daten bei Vorliegen der Voraussetzungen gem\u00e4\u00df Art 17 DSGVO<\/li>\n<li>Einschr\u00e4nkung der Verarbeitung bei Vorliegen der Voraussetzungen gem\u00e4\u00df Art 18 DSGVO<\/li>\n<li>Recht auf Daten\u00fcbertragbarkeit gem\u00e4\u00df Art 20 DSGVO<\/li>\n<li>Recht auf Widerspruch gem\u00e4\u00df Art 21 DSGVO<\/li>\n<\/ul>\n<p>Weiters haben Sie das Recht auf Beschwerde bei der Datenschutzbeh\u00f6rde, sofern Sie der Ansicht sind, dass die Verarbeitung Ihrer personenbezogenen Daten gegen datenschutzrechtliche Vorschriften verst\u00f6\u00dft. In \u00d6sterreich ist dies die Datenschutzbeh\u00f6rde, deren Webseiten Sie unter\u00a0<a href=\"https:\/\/www.dsb.gv.at\/\" target=\"_blank\" rel=\"noreferrer noopener\" class=\"cm_anchor\">https:\/\/www.dsb.gv.at\/<\/a>\u00a0finden.<\/p>\n<p><span>\u00c4nderung der Datenschutzbestimmungen<\/span><br \/>Wir behalten uns vor, diese Datenschutzerkl\u00e4rung anzupassen, damit Sie stets den aktuellen rechtlichen Anforderungen entspricht oder um \u00c4nderungen unserer Leistungen in der Datenschutzerkl\u00e4rung umzusetzen.<\/p>\n<p>&nbsp;<\/p>\n<div><span>Kontaktdaten<\/span><br \/>Elisabeth Hauer<br \/>Cranio Sacrale Ber\u00fchrungen<br \/>Gesundheitszentrum Kalkmetzen<br \/>Kalkmetzen 47<\/div>\n<div>2722 Winzendorf<br \/>\u00d6sterreich<br \/>Mobil: +43(0)650 25 99 193<br \/>E-Mail: hauerelisabeth@gmx.at<\/div>\n<p>[\/et_pb_text][\/et_pb_column][et_pb_column type=&#8220;1_2&#8243; _builder_version=&#8220;4.18.0&#8243; _module_preset=&#8220;default&#8220; global_colors_info=&#8220;{}&#8220;][et_pb_text _builder_version=&#8220;4.18.0&#8243; _module_preset=&#8220;default&#8220; text_font=&#8220;Advent Pro||||||||&#8220; text_text_color=&#8220;#5d8e7b&#8220; text_font_size=&#8220;40px&#8220; global_colors_info=&#8220;{}&#8220;]<\/p>\n<p>Impressum<\/p>\n<p>[\/et_pb_text][et_pb_text _builder_version=&#8220;4.23.4&#8243; _module_preset=&#8220;default&#8220; text_font=&#8220;Advent Pro||||||||&#8220; text_text_color=&#8220;#5d8e7b&#8220; text_font_size=&#8220;22px&#8220; text_line_height=&#8220;1em&#8220; hover_enabled=&#8220;0&#8243; global_colors_info=&#8220;{}&#8220; sticky_enabled=&#8220;0&#8243;]<\/p>\n<p>Elisabeth Hauer<\/p>\n<p>Gesundheitszentrum Kalkmetzen<\/p>\n<p>Kalkmetzen 47<\/p>\n<p>2722 Winzendorf<\/p>\n<p>0650\/25 99 193<\/p>\n<p><a href=\"mailto:hauerelisabeth@gmx.at\">hauerelisabeth@gmx.at\u00a0<\/a><\/p>\n<p>&nbsp;<\/p>\n<p>Webseite erstellt von <a href=\"https:\/\/www.sareba.net\" target=\"_blank\" rel=\"noopener\" title=\"sareba Computer &amp; Software\">sareba Computer &amp; Software<\/a><\/p>\n<p>Fotografie: Wolfgang Heider und Hans-J\u00fcrgen Vollnhofer<\/p>\n<p>&nbsp;<\/p>\n<p>[\/et_pb_text][\/et_pb_column][\/et_pb_row][\/et_pb_section]<\/p>\n","protected":false},"excerpt":{"rendered":"<p>Datenschutzerkl\u00e4rungKl\u00e4rung zum Datenschutz Mit dieser Datenschutzerkl\u00e4rung m\u00f6chten wir Sie, als Nutzer\/innen unserer Website, m\u00f6glichst klar, transparent und einfach dar\u00fcber informieren, wie Ihre Daten verarbeitet werden. All dies mit dem Ziel, einen m\u00f6glichst klaren \u00dcberblick bereitzustellen, sodass Sie Ihre Daten in guten H\u00e4nden wissen. Allgemeines Die Nutzung dieser Webseite ist in der Regel ohne Angabe personenbezogener [&hellip;]<\/p>\n","protected":false},"author":1,"featured_media":0,"parent":0,"menu_order":0,"comment_status":"closed","ping_status":"closed","template":"","meta":{"_et_pb_use_builder":"on","_et_pb_old_content":"","_et_gb_content_width":"","footnotes":""},"class_list":["post-284","page","type-page","status-publish","hentry"],"_links":{"self":[{"href":"https:\/\/elisabeth-cranio.at\/index.php?rest_route=\/wp\/v2\/pages\/284","targetHints":{"allow":["GET"]}}],"collection":[{"href":"https:\/\/elisabeth-cranio.at\/index.php?rest_route=\/wp\/v2\/pages"}],"about":[{"href":"https:\/\/elisabeth-cranio.at\/index.php?rest_route=\/wp\/v2\/types\/page"}],"author":[{"embeddable":true,"href":"https:\/\/elisabeth-cranio.at\/index.php?rest_route=\/wp\/v2\/users\/1"}],"replies":[{"embeddable":true,"href":"https:\/\/elisabeth-cranio.at\/index.php?rest_route=%2Fwp%2Fv2%2Fcomments&post=284"}],"version-history":[{"count":17,"href":"https:\/\/elisabeth-cranio.at\/index.php?rest_route=\/wp\/v2\/pages\/284\/revisions"}],"predecessor-version":[{"id":706,"href":"https:\/\/elisabeth-cranio.at\/index.php?rest_route=\/wp\/v2\/pages\/284\/revisions\/706"}],"wp:attachment":[{"href":"https:\/\/elisabeth-cranio.at\/index.php?rest_route=%2Fwp%2Fv2%2Fmedia&parent=284"}],"curies":[{"name":"wp","href":"https:\/\/api.w.org\/{rel}","templated":true}]}}